{"id":3,"date":"2023-07-18T20:21:08","date_gmt":"2023-07-18T18:21:08","guid":{"rendered":"http:\/\/serwer1778494.home.pl\/autoinstalator\/wordpressplugins\/?page_id=3"},"modified":"2023-07-19T07:08:46","modified_gmt":"2023-07-19T05:08:46","slug":"polityka-prywatnosci","status":"publish","type":"page","link":"https:\/\/fpcmyk.pl\/index.php\/polityka-prywatnosci\/","title":{"rendered":"Polityka prywatno\u015bci"},"content":{"rendered":"\n<h2 class=\"wp-block-heading has-medium-font-size\">Kim jeste\u015bmy<\/h2>\n\n\n\n<p class=\"has-small-font-size\"><strong class=\"privacy-policy-tutorial\">Drukarnia CMYK dba o\u00a0poszanowanie prywatno\u015bci os\u00f3b korzystaj\u0105cych z\u00a0jego serwis\u00f3w w\u00a0domenie www.fpcmyk.pl. Dane, kt\u00f3re zbieramy, s\u0105\u00a0wykorzystywane wy\u0142\u0105cznie do\u00a0cel\u00f3w statystycznych.<\/strong><\/p>\n\n\n\n<h2 class=\"wp-block-heading has-medium-font-size\"><strong>Jakie dane o&nbsp;Tobie zbieramy?<\/strong><\/h2>\n\n\n\n<p class=\"has-small-font-size\">Dane zbierane automatycznie:<br>Gdy&nbsp;odwiedzasz nasz\u0105 stron\u0119 internetow\u0105 automatycznie zbierane s\u0105&nbsp;dane dotycz\u0105ce Twojej&nbsp;wizyty, np.&nbsp;Tw\u00f3j&nbsp;adres IP, nazwa domeny, typ przegl\u0105darki, typ systemu operacyjnego, miejscowo\u015b\u0107, w&nbsp;kt\u00f3rej&nbsp;mieszkasz, itp.<\/p>\n\n\n\n<p class=\"has-small-font-size\">Dane zbierane, gdy&nbsp;kontaktujesz si\u0119 z&nbsp;nami:<br>Gdy&nbsp;kontaktujesz si\u0119 z&nbsp;nami za&nbsp;pomoc\u0105 telefonu lub poczty e-mail, przekazujesz nam swoje dane osobowe, np.&nbsp;imi\u0119, nazwisko, adres e-mail, itp. Wszystkie dane zbieramy tylko&nbsp;i&nbsp;wy\u0142\u0105cznie w&nbsp;celach kontaktowych. Nie&nbsp;przekazujemy ich stronom trzecim i&nbsp;nie&nbsp;przechowujemy d\u0142u\u017cej ni\u017c to&nbsp;konieczne.<\/p>\n\n\n\n<p class=\"has-medium-font-size\"><strong>W\u00a0jaki spos\u00f3b wykorzystujemy Twoje\u00a0dane?<\/strong><\/p>\n\n\n\n<p class=\"has-small-font-size\">W&nbsp;\u017cadnym wypadku nie&nbsp;b\u0119dziemy sprzedawali danych zebranych o&nbsp;Tobie podmiotom trzecim.<br>Dane zbierane automatycznie mog\u0105 by\u0107 u\u017cyte do&nbsp;analizy zachowania u\u017cytkownik\u00f3w na&nbsp;naszej stronie internetowej, zbierania danych demograficznych o&nbsp;naszych u\u017cytkownikach lub do&nbsp;personalizacji zawarto\u015bci naszych stron internetowych. Dane te&nbsp;s\u0105&nbsp;zbierane automatycznie.<\/p>\n\n\n\n<p class=\"has-small-font-size\">Dane zbierane w&nbsp;trakcie korespondencji pomi\u0119dzy Tob\u0105 a&nbsp;naszym serwisem b\u0119d\u0105 wykorzystane wy\u0142\u0105cznie w&nbsp;celu odpowiedzi na&nbsp;Twoje&nbsp;zapytanie.<\/p>\n\n\n\n<p class=\"has-small-font-size\">W&nbsp;przypadku kontroli Generalnego Inspektora Ochrony Danych Osobowych Twoje&nbsp;dane mog\u0105 zosta\u0107 udost\u0119pnione pracownikom Biura GIODO zgodnie z&nbsp;ustaw\u0105 o&nbsp;ochronie danych osobowych<strong>.<\/strong><\/p>\n\n\n\n<h2 class=\"wp-block-heading has-medium-font-size\"><strong>Wykorzystanie ciasteczek (\u201ecookies\u201d)<\/strong><\/h2>\n\n\n\n<p class=\"has-small-font-size\">Nasza strona internetowa wykorzystuje ciasteczka, kt\u00f3re s\u0142u\u017c\u0105 m.in.&nbsp;identyfikacji Twojej&nbsp;przegl\u0105darki podczas korzystania z&nbsp;naszej witryny, aby\u015bmy wiedzieli, jak\u0105 stron\u0119 Ci&nbsp;wy\u015bwietli\u0107. Ciasteczka pomagaj\u0105 nam dostosowa\u0107 nasz\u0105 ofert\u0119 do&nbsp;odpowiednich odbiorc\u00f3w i&nbsp;sprawdzi\u0107 skuteczno\u015b\u0107 docierania publikowanych informacji do&nbsp;okre\u015blonej grupy u\u017cytkownik\u00f3w. Ciasteczka nie&nbsp;zawieraj\u0105 \u017cadnych danych osobowych.<\/p>\n\n\n\n<p class=\"has-small-font-size\">Wi\u0119kszo\u015b\u0107 u\u017cywanych przegl\u0105darek, zar\u00f3wno na&nbsp;komputerach, jak i&nbsp;smartfonach czy&nbsp;innych urz\u0105dzeniach, domy\u015blnie akceptuje pliki \u201ecookies\u201d. Gdy&nbsp;zechcesz zmieni\u0107 domy\u015blne ustawienia, mo\u017cesz to&nbsp;zrobi\u0107 w&nbsp;przegl\u0105darce. W&nbsp;przypadku problem\u00f3w z&nbsp;ustawieniem zmian nale\u017cy skorzysta\u0107 z&nbsp;opcji \u201ePomoc\u201d w&nbsp;menu u\u017cywanej przegl\u0105darki.<\/p>\n\n\n\n<p class=\"has-small-font-size\">Wiele plik\u00f3w \u201ecookies\u201d pozwala na&nbsp;wygodniejsze i&nbsp;efektywniejsze korzystanie z&nbsp;serwisu. Wy\u0142\u0105czenie ich mo\u017ce spowodowa\u0107 nieprawid\u0142owe wy\u015bwietlanie si\u0119 tre\u015bci serwisu w&nbsp;przegl\u0105darce.<\/p>\n\n\n\n<h2 class=\"wp-block-heading has-medium-font-size\"><strong>Zmiany naszej Polityki prywatno\u015bci<\/strong><\/h2>\n\n\n\n<p class=\"has-small-font-size\">Zastrzegamy sobie prawo do&nbsp;zmiany niniejszej Polityki prywatno\u015bci poprzez opublikowanie nowej Polityki prywatno\u015bci na&nbsp;tej&nbsp;stronie.<br>W&nbsp;razie pyta\u0144 dotycz\u0105cych ochrony prywatno\u015bci prosimy o&nbsp;kontakt, nasze dane kontaktowe podane s\u0105&nbsp;na&nbsp;stronie internetowej.<\/p>\n\n\n\n<p class=\"has-small-font-size\">W&nbsp;zakresie nieuregulowanym niniejsz\u0105 Polityk\u0105 prywatno\u015bci obowi\u0105zuj\u0105 przepisy z&nbsp;zakresu ochrony danych osobowych RODO.<\/p>\n\n\n\n<p><\/p>\n","protected":false},"excerpt":{"rendered":"<p>Kim jeste\u015bmy Drukarnia CMYK dba o\u00a0poszanowanie prywatno\u015bci os\u00f3b korzystaj\u0105cych z\u00a0jego serwis\u00f3w w\u00a0domenie www.fpcmyk.pl. Dane, kt\u00f3re zbieramy, s\u0105\u00a0wykorzystywane wy\u0142\u0105cznie do\u00a0cel\u00f3w statystycznych. Jakie dane o&nbsp;Tobie zbieramy? Dane zbierane automatycznie:Gdy&nbsp;odwiedzasz nasz\u0105 stron\u0119 internetow\u0105 automatycznie zbierane s\u0105&nbsp;dane dotycz\u0105ce Twojej&nbsp;wizyty, np.&nbsp;Tw\u00f3j&nbsp;adres IP, nazwa domeny, typ przegl\u0105darki, typ systemu operacyjnego, miejscowo\u015b\u0107, w&nbsp;kt\u00f3rej&nbsp;mieszkasz, itp. Dane zbierane, gdy&nbsp;kontaktujesz si\u0119 z&nbsp;nami:Gdy&nbsp;kontaktujesz si\u0119 z&nbsp;nami za&nbsp;pomoc\u0105&hellip;&nbsp;<a href=\"https:\/\/fpcmyk.pl\/index.php\/polityka-prywatnosci\/\" class=\"\" rel=\"bookmark\">Czytaj dalej &raquo;<span class=\"screen-reader-text\">Polityka prywatno\u015bci<\/span><\/a><\/p>\n","protected":false},"author":1,"featured_media":0,"parent":0,"menu_order":0,"comment_status":"closed","ping_status":"open","template":"","meta":{"neve_meta_sidebar":"","neve_meta_container":"","neve_meta_enable_content_width":"","neve_meta_content_width":0,"neve_meta_title_alignment":"","neve_meta_author_avatar":"","neve_post_elements_order":"","neve_meta_disable_header":"","neve_meta_disable_footer":"","neve_meta_disable_title":"","footnotes":""},"class_list":["post-3","page","type-page","status-publish","hentry"],"yoast_head":"<!-- This site is optimized with the Yoast SEO plugin v21.9.1 - https:\/\/yoast.com\/wordpress\/plugins\/seo\/ -->\n<title>Polityka prywatno\u015bci - Drukarnia CMYK Druk Offsetowy i Cyfrowy<\/title>\n<meta name=\"robots\" content=\"index, follow, max-snippet:-1, max-image-preview:large, max-video-preview:-1\" \/>\n<link rel=\"canonical\" href=\"https:\/\/fpcmyk.pl\/index.php\/polityka-prywatnosci\/\" \/>\n<meta property=\"og:locale\" content=\"pl_PL\" \/>\n<meta property=\"og:type\" content=\"article\" \/>\n<meta property=\"og:title\" content=\"Polityka prywatno\u015bci - Drukarnia CMYK Druk Offsetowy i Cyfrowy\" \/>\n<meta property=\"og:description\" content=\"Kim jeste\u015bmy Drukarnia CMYK dba o\u00a0poszanowanie prywatno\u015bci os\u00f3b korzystaj\u0105cych z\u00a0jego serwis\u00f3w w\u00a0domenie www.fpcmyk.pl. Dane, kt\u00f3re zbieramy, s\u0105\u00a0wykorzystywane wy\u0142\u0105cznie do\u00a0cel\u00f3w statystycznych. Jakie dane o&nbsp;Tobie zbieramy? Dane zbierane automatycznie:Gdy&nbsp;odwiedzasz nasz\u0105 stron\u0119 internetow\u0105 automatycznie zbierane s\u0105&nbsp;dane dotycz\u0105ce Twojej&nbsp;wizyty, np.&nbsp;Tw\u00f3j&nbsp;adres IP, nazwa domeny, typ przegl\u0105darki, typ systemu operacyjnego, miejscowo\u015b\u0107, w&nbsp;kt\u00f3rej&nbsp;mieszkasz, itp. Dane zbierane, gdy&nbsp;kontaktujesz si\u0119 z&nbsp;nami:Gdy&nbsp;kontaktujesz si\u0119 z&nbsp;nami za&nbsp;pomoc\u0105&hellip;&nbsp;Czytaj dalej &raquo;Polityka prywatno\u015bci\" \/>\n<meta property=\"og:url\" content=\"https:\/\/fpcmyk.pl\/index.php\/polityka-prywatnosci\/\" \/>\n<meta property=\"og:site_name\" content=\"Drukarnia CMYK Druk Offsetowy i Cyfrowy\" \/>\n<meta property=\"article:modified_time\" content=\"2023-07-19T05:08:46+00:00\" \/>\n<meta name=\"twitter:card\" content=\"summary_large_image\" \/>\n<meta name=\"twitter:label1\" content=\"Szacowany czas czytania\" \/>\n\t<meta name=\"twitter:data1\" content=\"3 minuty\" \/>\n<script type=\"application\/ld+json\" class=\"yoast-schema-graph\">{\"@context\":\"https:\/\/schema.org\",\"@graph\":[{\"@type\":\"WebPage\",\"@id\":\"https:\/\/fpcmyk.pl\/index.php\/polityka-prywatnosci\/\",\"url\":\"https:\/\/fpcmyk.pl\/index.php\/polityka-prywatnosci\/\",\"name\":\"Polityka prywatno\u015bci - Drukarnia CMYK Druk Offsetowy i Cyfrowy\",\"isPartOf\":{\"@id\":\"https:\/\/fpcmyk.pl\/#website\"},\"datePublished\":\"2023-07-18T18:21:08+00:00\",\"dateModified\":\"2023-07-19T05:08:46+00:00\",\"breadcrumb\":{\"@id\":\"https:\/\/fpcmyk.pl\/index.php\/polityka-prywatnosci\/#breadcrumb\"},\"inLanguage\":\"pl-PL\",\"potentialAction\":[{\"@type\":\"ReadAction\",\"target\":[\"https:\/\/fpcmyk.pl\/index.php\/polityka-prywatnosci\/\"]}]},{\"@type\":\"BreadcrumbList\",\"@id\":\"https:\/\/fpcmyk.pl\/index.php\/polityka-prywatnosci\/#breadcrumb\",\"itemListElement\":[{\"@type\":\"ListItem\",\"position\":1,\"name\":\"Home\",\"item\":\"https:\/\/fpcmyk.pl\/\"},{\"@type\":\"ListItem\",\"position\":2,\"name\":\"Polityka prywatno\u015bci\"}]},{\"@type\":\"WebSite\",\"@id\":\"https:\/\/fpcmyk.pl\/#website\",\"url\":\"https:\/\/fpcmyk.pl\/\",\"name\":\"Drukarnia CMYK Druk Offsetowy i Cyfrowy\",\"description\":\"\",\"publisher\":{\"@id\":\"https:\/\/fpcmyk.pl\/#organization\"},\"potentialAction\":[{\"@type\":\"SearchAction\",\"target\":{\"@type\":\"EntryPoint\",\"urlTemplate\":\"https:\/\/fpcmyk.pl\/?s={search_term_string}\"},\"query-input\":\"required name=search_term_string\"}],\"inLanguage\":\"pl-PL\"},{\"@type\":\"Organization\",\"@id\":\"https:\/\/fpcmyk.pl\/#organization\",\"name\":\"Drukarnia CMYK Druk Offsetowy i Cyfrowy\",\"url\":\"https:\/\/fpcmyk.pl\/\",\"logo\":{\"@type\":\"ImageObject\",\"inLanguage\":\"pl-PL\",\"@id\":\"https:\/\/fpcmyk.pl\/#\/schema\/logo\/image\/\",\"url\":\"https:\/\/fpcmyk.pl\/wp-content\/uploads\/2023\/07\/logo_CMYK.jpg\",\"contentUrl\":\"https:\/\/fpcmyk.pl\/wp-content\/uploads\/2023\/07\/logo_CMYK.jpg\",\"width\":1007,\"height\":500,\"caption\":\"Drukarnia CMYK Druk Offsetowy i Cyfrowy\"},\"image\":{\"@id\":\"https:\/\/fpcmyk.pl\/#\/schema\/logo\/image\/\"}}]}<\/script>\n<!-- \/ Yoast SEO plugin. -->","yoast_head_json":{"title":"Polityka prywatno\u015bci - Drukarnia CMYK Druk Offsetowy i Cyfrowy","robots":{"index":"index","follow":"follow","max-snippet":"max-snippet:-1","max-image-preview":"max-image-preview:large","max-video-preview":"max-video-preview:-1"},"canonical":"https:\/\/fpcmyk.pl\/index.php\/polityka-prywatnosci\/","og_locale":"pl_PL","og_type":"article","og_title":"Polityka prywatno\u015bci - Drukarnia CMYK Druk Offsetowy i Cyfrowy","og_description":"Kim jeste\u015bmy Drukarnia CMYK dba o\u00a0poszanowanie prywatno\u015bci os\u00f3b korzystaj\u0105cych z\u00a0jego serwis\u00f3w w\u00a0domenie www.fpcmyk.pl. Dane, kt\u00f3re zbieramy, s\u0105\u00a0wykorzystywane wy\u0142\u0105cznie do\u00a0cel\u00f3w statystycznych. Jakie dane o&nbsp;Tobie zbieramy? Dane zbierane automatycznie:Gdy&nbsp;odwiedzasz nasz\u0105 stron\u0119 internetow\u0105 automatycznie zbierane s\u0105&nbsp;dane dotycz\u0105ce Twojej&nbsp;wizyty, np.&nbsp;Tw\u00f3j&nbsp;adres IP, nazwa domeny, typ przegl\u0105darki, typ systemu operacyjnego, miejscowo\u015b\u0107, w&nbsp;kt\u00f3rej&nbsp;mieszkasz, itp. Dane zbierane, gdy&nbsp;kontaktujesz si\u0119 z&nbsp;nami:Gdy&nbsp;kontaktujesz si\u0119 z&nbsp;nami za&nbsp;pomoc\u0105&hellip;&nbsp;Czytaj dalej &raquo;Polityka prywatno\u015bci","og_url":"https:\/\/fpcmyk.pl\/index.php\/polityka-prywatnosci\/","og_site_name":"Drukarnia CMYK Druk Offsetowy i Cyfrowy","article_modified_time":"2023-07-19T05:08:46+00:00","twitter_card":"summary_large_image","twitter_misc":{"Szacowany czas czytania":"3 minuty"},"schema":{"@context":"https:\/\/schema.org","@graph":[{"@type":"WebPage","@id":"https:\/\/fpcmyk.pl\/index.php\/polityka-prywatnosci\/","url":"https:\/\/fpcmyk.pl\/index.php\/polityka-prywatnosci\/","name":"Polityka prywatno\u015bci - Drukarnia CMYK Druk Offsetowy i Cyfrowy","isPartOf":{"@id":"https:\/\/fpcmyk.pl\/#website"},"datePublished":"2023-07-18T18:21:08+00:00","dateModified":"2023-07-19T05:08:46+00:00","breadcrumb":{"@id":"https:\/\/fpcmyk.pl\/index.php\/polityka-prywatnosci\/#breadcrumb"},"inLanguage":"pl-PL","potentialAction":[{"@type":"ReadAction","target":["https:\/\/fpcmyk.pl\/index.php\/polityka-prywatnosci\/"]}]},{"@type":"BreadcrumbList","@id":"https:\/\/fpcmyk.pl\/index.php\/polityka-prywatnosci\/#breadcrumb","itemListElement":[{"@type":"ListItem","position":1,"name":"Home","item":"https:\/\/fpcmyk.pl\/"},{"@type":"ListItem","position":2,"name":"Polityka prywatno\u015bci"}]},{"@type":"WebSite","@id":"https:\/\/fpcmyk.pl\/#website","url":"https:\/\/fpcmyk.pl\/","name":"Drukarnia CMYK Druk Offsetowy i Cyfrowy","description":"","publisher":{"@id":"https:\/\/fpcmyk.pl\/#organization"},"potentialAction":[{"@type":"SearchAction","target":{"@type":"EntryPoint","urlTemplate":"https:\/\/fpcmyk.pl\/?s={search_term_string}"},"query-input":"required name=search_term_string"}],"inLanguage":"pl-PL"},{"@type":"Organization","@id":"https:\/\/fpcmyk.pl\/#organization","name":"Drukarnia CMYK Druk Offsetowy i Cyfrowy","url":"https:\/\/fpcmyk.pl\/","logo":{"@type":"ImageObject","inLanguage":"pl-PL","@id":"https:\/\/fpcmyk.pl\/#\/schema\/logo\/image\/","url":"https:\/\/fpcmyk.pl\/wp-content\/uploads\/2023\/07\/logo_CMYK.jpg","contentUrl":"https:\/\/fpcmyk.pl\/wp-content\/uploads\/2023\/07\/logo_CMYK.jpg","width":1007,"height":500,"caption":"Drukarnia CMYK Druk Offsetowy i Cyfrowy"},"image":{"@id":"https:\/\/fpcmyk.pl\/#\/schema\/logo\/image\/"}}]}},"_links":{"self":[{"href":"https:\/\/fpcmyk.pl\/index.php\/wp-json\/wp\/v2\/pages\/3","targetHints":{"allow":["GET"]}}],"collection":[{"href":"https:\/\/fpcmyk.pl\/index.php\/wp-json\/wp\/v2\/pages"}],"about":[{"href":"https:\/\/fpcmyk.pl\/index.php\/wp-json\/wp\/v2\/types\/page"}],"author":[{"embeddable":true,"href":"https:\/\/fpcmyk.pl\/index.php\/wp-json\/wp\/v2\/users\/1"}],"replies":[{"embeddable":true,"href":"https:\/\/fpcmyk.pl\/index.php\/wp-json\/wp\/v2\/comments?post=3"}],"version-history":[{"count":3,"href":"https:\/\/fpcmyk.pl\/index.php\/wp-json\/wp\/v2\/pages\/3\/revisions"}],"predecessor-version":[{"id":117,"href":"https:\/\/fpcmyk.pl\/index.php\/wp-json\/wp\/v2\/pages\/3\/revisions\/117"}],"wp:attachment":[{"href":"https:\/\/fpcmyk.pl\/index.php\/wp-json\/wp\/v2\/media?parent=3"}],"curies":[{"name":"wp","href":"https:\/\/api.w.org\/{rel}","templated":true}]}}